{"id":259573,"date":"2022-04-22T16:10:06","date_gmt":"2022-04-22T16:10:06","guid":{"rendered":"https:\/\/stage1.studiommooy.com\/contact-et-acces\/"},"modified":"2025-03-28T13:26:04","modified_gmt":"2025-03-28T13:26:04","slug":"contact-et-acces","status":"publish","type":"page","link":"https:\/\/www.nazarethrvt.be\/fr\/contact-et-acces\/","title":{"rendered":"Contact et acc\u00e8s"},"content":{"rendered":"<p>[et_pb_section fb_built=\u00a0\u00bb1&Prime; next_background_color=\u00a0\u00bbgcid-1b478810-f923-4315-9943-e688a7f185d0&Prime; _builder_version=\u00a0\u00bb4.17.3&Prime; _module_preset=\u00a0\u00bbdefault\u00a0\u00bb background_color=\u00a0\u00bbrgba(38,38,38,0.39)\u00a0\u00bb use_background_color_gradient=\u00a0\u00bbon\u00a0\u00bb background_color_gradient_direction=\u00a0\u00bb69deg\u00a0\u00bb background_color_gradient_stops=\u00a0\u00bbrgba(38,38,38,0.09) 31%|rgba(255,255,255,0.53) 98%\u00a0\u00bb background_color_gradient_overlays_image=\u00a0\u00bbon\u00a0\u00bb background_image=\u00a0\u00bbhttps:\/\/www.nazarethrvt.be\/wp-content\/uploads\/2022\/06\/WNZ6299-min-scaled.jpg\u00a0\u00bb custom_padding=\u00a0\u00bb||35px|||\u00a0\u00bb bottom_divider_style=\u00a0\u00bbcurve\u00a0\u00bb bottom_divider_height=\u00a0\u00bb0px\u00a0\u00bb background_color_phone=\u00a0\u00bbrgba(38,38,38,0.84)\u00a0\u00bb background_last_edited=\u00a0\u00bbon|phone\u00a0\u00bb background_enable_color_phone=\u00a0\u00bbon\u00a0\u00bb use_background_color_gradient_phone=\u00a0\u00bbon\u00a0\u00bb background_color_gradient_stops_phone=\u00a0\u00bbrgba(38,38,38,0.37) 79%|#ffffff 100%\u00a0\u00bb global_colors_info=\u00a0\u00bb{}\u00a0\u00bb][et_pb_row _builder_version=\u00a0\u00bb4.17.3&Prime; _module_preset=\u00a0\u00bbdefault\u00a0\u00bb custom_padding=\u00a0\u00bb||0px|||\u00a0\u00bb global_colors_info=\u00a0\u00bb{}\u00a0\u00bb][et_pb_column type=\u00a0\u00bb4_4&Prime; _builder_version=\u00a0\u00bb4.17.3&Prime; _module_preset=\u00a0\u00bbdefault\u00a0\u00bb global_colors_info=\u00a0\u00bb{}\u00a0\u00bb][et_pb_text _builder_version=\u00a0\u00bb4.17.3&Prime; _module_preset=\u00a0\u00bbdefault\u00a0\u00bb header_4_font=\u00a0\u00bbManrope|700||on|||||\u00a0\u00bb header_4_text_color=\u00a0\u00bb#FFFFFF\u00a0\u00bb header_4_font_size=\u00a0\u00bb14px\u00a0\u00bb header_4_letter_spacing=\u00a0\u00bb1px\u00a0\u00bb header_4_line_height=\u00a0\u00bb1.5em\u00a0\u00bb custom_margin=\u00a0\u00bb||-13px||false|false\u00a0\u00bb custom_padding=\u00a0\u00bb||0px|||\u00a0\u00bb header_4_font_size_tablet=\u00a0\u00bb14px\u00a0\u00bb header_4_font_size_phone=\u00a0\u00bb12px\u00a0\u00bb header_4_font_size_last_edited=\u00a0\u00bbon|tablet\u00a0\u00bb locked=\u00a0\u00bboff\u00a0\u00bb global_colors_info=\u00a0\u00bb{}\u00a0\u00bb]<\/p>\n<h4 style=\"text-align: center;\"><b>Nazareth &amp; Loreto<\/b><\/h4>\n<p>[\/et_pb_text][et_pb_text _builder_version=\u00a0\u00bb4.17.3&Prime; _module_preset=\u00a0\u00bbdefault\u00a0\u00bb text_font=\u00a0\u00bbManrope|800|||||||\u00a0\u00bb text_text_color=\u00a0\u00bb#275951&Prime; text_font_size=\u00a0\u00bb27px\u00a0\u00bb text_line_height=\u00a0\u00bb35px\u00a0\u00bb header_font=\u00a0\u00bbSource Sans Pro|600|||||||\u00a0\u00bb header_text_color=\u00a0\u00bb#FFFFFF\u00a0\u00bb header_font_size=\u00a0\u00bb55px\u00a0\u00bb header_line_height=\u00a0\u00bb1.15em\u00a0\u00bb custom_margin=\u00a0\u00bb||16px||false|false\u00a0\u00bb custom_padding=\u00a0\u00bb||0px|||\u00a0\u00bb header_font_size_tablet=\u00a0\u00bb40px\u00a0\u00bb header_font_size_phone=\u00a0\u00bb35px\u00a0\u00bb header_font_size_last_edited=\u00a0\u00bbon|desktop\u00a0\u00bb locked=\u00a0\u00bboff\u00a0\u00bb global_colors_info=\u00a0\u00bb{}\u00a0\u00bb]<\/p>\n<h1 style=\"text-align: center;\"><strong>Contact et acc\u00e8s<\/strong><\/h1>\n<p>[\/et_pb_text][\/et_pb_column][\/et_pb_row][\/et_pb_section][et_pb_section fb_built=\u00a0\u00bb1&Prime; _builder_version=\u00a0\u00bb4.17.3&Prime; _module_preset=\u00a0\u00bbdefault\u00a0\u00bb background_color=\u00a0\u00bbgcid-1b478810-f923-4315-9943-e688a7f185d0&Prime; custom_margin=\u00a0\u00bb||||false|false\u00a0\u00bb custom_padding=\u00a0\u00bb22px||22px||false|false\u00a0\u00bb global_colors_info=\u00a0\u00bb{%22gcid-1b478810-f923-4315-9943-e688a7f185d0%22:%91%22background_color%22%93}\u00a0\u00bb][et_pb_row column_structure=\u00a0\u00bb1_3,1_3,1_3&Prime; _builder_version=\u00a0\u00bb4.17.3&Prime; _module_preset=\u00a0\u00bbdefault\u00a0\u00bb width=\u00a0\u00bb85%\u00a0\u00bb width_tablet=\u00a0\u00bb85%\u00a0\u00bb width_phone=\u00a0\u00bb85%\u00a0\u00bb width_last_edited=\u00a0\u00bbon|tablet\u00a0\u00bb max_width=\u00a0\u00bb85%\u00a0\u00bb max_width_tablet=\u00a0\u00bb85%\u00a0\u00bb max_width_phone=\u00a0\u00bb85%\u00a0\u00bb max_width_last_edited=\u00a0\u00bbon|desktop\u00a0\u00bb global_colors_info=\u00a0\u00bb{}\u00a0\u00bb][et_pb_column type=\u00a0\u00bb1_3&Prime; _builder_version=\u00a0\u00bb4.17.3&Prime; _module_preset=\u00a0\u00bbdefault\u00a0\u00bb global_colors_info=\u00a0\u00bb{}\u00a0\u00bb][et_pb_blurb title=\u00a0\u00bbE-mail\u00a0\u00bb use_icon=\u00a0\u00bbon\u00a0\u00bb font_icon=\u00a0\u00bb&#xe010;||divi||400&Prime; icon_color=\u00a0\u00bb#FFFFFF\u00a0\u00bb image_icon_background_color=\u00a0\u00bbRGBA(255,255,255,0)\u00a0\u00bb icon_placement=\u00a0\u00bbleft\u00a0\u00bb image_icon_width=\u00a0\u00bb25px\u00a0\u00bb content_max_width=\u00a0\u00bb100%\u00a0\u00bb _builder_version=\u00a0\u00bb4.17.3&Prime; _module_preset=\u00a0\u00bbdefault\u00a0\u00bb header_font=\u00a0\u00bbSource Sans Pro||||||||\u00a0\u00bb header_text_color=\u00a0\u00bb#FFFFFF\u00a0\u00bb header_font_size=\u00a0\u00bb18px\u00a0\u00bb header_line_height=\u00a0\u00bb1.3em\u00a0\u00bb body_font=\u00a0\u00bbSource Sans Pro|700|||||||\u00a0\u00bb body_text_color=\u00a0\u00bb#FFFFFF\u00a0\u00bb body_font_size=\u00a0\u00bb18px\u00a0\u00bb body_link_text_color=\u00a0\u00bb#FFFFFF\u00a0\u00bb animation=\u00a0\u00bboff\u00a0\u00bb image_max_width=\u00a0\u00bb80px\u00a0\u00bb global_colors_info=\u00a0\u00bb{}\u00a0\u00bb]<\/p>\n<p><a href=\"mailto:info@nazarethrvt.be\"><span style=\"font-weight: 400;\">info@nazarethrvt.be<\/span><\/a><\/p>\n<p>[\/et_pb_blurb][\/et_pb_column][et_pb_column type=\u00a0\u00bb1_3&Prime; _builder_version=\u00a0\u00bb4.17.3&Prime; _module_preset=\u00a0\u00bbdefault\u00a0\u00bb global_colors_info=\u00a0\u00bb{}\u00a0\u00bb][et_pb_blurb title=\u00a0\u00bbNum\u00e9ro g\u00e9n\u00e9ral\u00a0\u00bb use_icon=\u00a0\u00bbon\u00a0\u00bb font_icon=\u00a0\u00bb&#xe090;||divi||400&Prime; icon_color=\u00a0\u00bb#FFFFFF\u00a0\u00bb image_icon_background_color=\u00a0\u00bbRGBA(255,255,255,0)\u00a0\u00bb icon_placement=\u00a0\u00bbleft\u00a0\u00bb image_icon_width=\u00a0\u00bb25px\u00a0\u00bb content_max_width=\u00a0\u00bb100%\u00a0\u00bb _builder_version=\u00a0\u00bb4.17.3&Prime; _module_preset=\u00a0\u00bbdefault\u00a0\u00bb header_font=\u00a0\u00bbSource Sans Pro||||||||\u00a0\u00bb header_text_color=\u00a0\u00bb#FFFFFF\u00a0\u00bb header_font_size=\u00a0\u00bb18px\u00a0\u00bb header_line_height=\u00a0\u00bb1.3em\u00a0\u00bb body_font=\u00a0\u00bbSource Sans Pro||||||||\u00a0\u00bb body_text_color=\u00a0\u00bb#FFFFFF\u00a0\u00bb body_font_size=\u00a0\u00bb18px\u00a0\u00bb body_link_text_color=\u00a0\u00bb#FFFFFF\u00a0\u00bb animation=\u00a0\u00bboff\u00a0\u00bb image_max_width=\u00a0\u00bb80px\u00a0\u00bb locked=\u00a0\u00bboff\u00a0\u00bb global_colors_info=\u00a0\u00bb{%22gcid-1b478810-f923-4315-9943-e688a7f185d0%22:%91%22header_text_color%22,%22icon_color%22,%22icon_color%22%93}\u00a0\u00bb]<a href=\"tel:023736411\">02 373 64 11<\/a>[\/et_pb_blurb][\/et_pb_column][et_pb_column type=\u00a0\u00bb1_3&Prime; _builder_version=\u00a0\u00bb4.17.3&Prime; _module_preset=\u00a0\u00bbdefault\u00a0\u00bb global_colors_info=\u00a0\u00bb{}\u00a0\u00bb][et_pb_blurb title=\u00a0\u00bbAdresse\u00a0\u00bb use_icon=\u00a0\u00bbon\u00a0\u00bb font_icon=\u00a0\u00bb&#xe01d;||divi||400&Prime; icon_color=\u00a0\u00bb#FFFFFF\u00a0\u00bb image_icon_background_color=\u00a0\u00bbRGBA(255,255,255,0)\u00a0\u00bb icon_placement=\u00a0\u00bbleft\u00a0\u00bb image_icon_width=\u00a0\u00bb25px\u00a0\u00bb content_max_width=\u00a0\u00bb100%\u00a0\u00bb _builder_version=\u00a0\u00bb4.17.3&Prime; _module_preset=\u00a0\u00bbdefault\u00a0\u00bb header_font=\u00a0\u00bbSource Sans Pro||||||||\u00a0\u00bb header_text_color=\u00a0\u00bb#FFFFFF\u00a0\u00bb header_font_size=\u00a0\u00bb18px\u00a0\u00bb header_line_height=\u00a0\u00bb1.3em\u00a0\u00bb body_font=\u00a0\u00bbSource Sans Pro|700|||||||\u00a0\u00bb body_text_color=\u00a0\u00bb#FFFFFF\u00a0\u00bb body_font_size=\u00a0\u00bb18px\u00a0\u00bb body_link_text_color=\u00a0\u00bb#FFFFFF\u00a0\u00bb animation=\u00a0\u00bboff\u00a0\u00bb image_max_width=\u00a0\u00bb80px\u00a0\u00bb locked=\u00a0\u00bboff\u00a0\u00bb global_colors_info=\u00a0\u00bb{%22gcid-1b478810-f923-4315-9943-e688a7f185d0%22:%91%22header_text_color%22,%22icon_color%22,%22body_text_color%22,%22icon_color%22,%22header_text_color%22%93}\u00a0\u00bb]<\/p>\n<p class=\"p1\">MRS Nazareth et RS Loreto<br \/><span class=\"s1\"><b><\/b><\/span><span style=\"font-weight: 400;\">Chauss\u00e9e de Waterloo 961<br \/><\/span><span style=\"font-weight: 400;\">1180 Uccle<\/span><\/p>\n<p>[\/et_pb_blurb][\/et_pb_column][\/et_pb_row][\/et_pb_section][et_pb_section fb_built=\u00a0\u00bb1&Prime; admin_label=\u00a0\u00bbHeader\u00a0\u00bb _builder_version=\u00a0\u00bb4.17.0&Prime; _module_preset=\u00a0\u00bbdefault\u00a0\u00bb background_enable_color=\u00a0\u00bboff\u00a0\u00bb custom_margin=\u00a0\u00bb-7px|||||\u00a0\u00bb custom_padding=\u00a0\u00bb||0px|||\u00a0\u00bb global_colors_info=\u00a0\u00bb{}\u00a0\u00bb][et_pb_row column_structure=\u00a0\u00bb1_2,1_2&Prime; _builder_version=\u00a0\u00bb4.17.3&Prime; _module_preset=\u00a0\u00bbdefault\u00a0\u00bb custom_margin=\u00a0\u00bb||75px||false|false\u00a0\u00bb custom_margin_tablet=\u00a0\u00bb||28px||false|false\u00a0\u00bb custom_margin_phone=\u00a0\u00bb||13px||false|false\u00a0\u00bb custom_margin_last_edited=\u00a0\u00bbon|phone\u00a0\u00bb global_colors_info=\u00a0\u00bb{}\u00a0\u00bb][et_pb_column type=\u00a0\u00bb1_2&Prime; _builder_version=\u00a0\u00bb4.17.3&Prime; _module_preset=\u00a0\u00bbdefault\u00a0\u00bb background_color=\u00a0\u00bbgcid-1b478810-f923-4315-9943-e688a7f185d0&Prime; custom_padding=\u00a0\u00bb||40px||false|true\u00a0\u00bb custom_padding_tablet=\u00a0\u00bb\u00a0\u00bb custom_padding_phone=\u00a0\u00bb0px|0px|0px|0px|false|true\u00a0\u00bb custom_padding_last_edited=\u00a0\u00bbon|phone\u00a0\u00bb border_radii=\u00a0\u00bbon|26px|26px|26px|26px\u00a0\u00bb global_colors_info=\u00a0\u00bb{%22gcid-1b478810-f923-4315-9943-e688a7f185d0%22:%91%22background_color%22%93}\u00a0\u00bb][et_pb_image src=\u00a0\u00bbhttps:\/\/www.nazarethrvt.be\/wp-content\/uploads\/2022\/06\/RVT-Nazareth-Loreto11-min-scaled-e1659430357401.jpg\u00a0\u00bb title_text=\u00a0\u00bbRVT-Nazareth-Loreto11-min\u00a0\u00bb _builder_version=\u00a0\u00bb4.17.3&Prime; _module_preset=\u00a0\u00bbdefault\u00a0\u00bb border_radii=\u00a0\u00bboff|30px|30px||\u00a0\u00bb global_colors_info=\u00a0\u00bb{}\u00a0\u00bb][\/et_pb_image][et_pb_text _builder_version=\u00a0\u00bb4.17.3&Prime; _module_preset=\u00a0\u00bbdefault\u00a0\u00bb text_font=\u00a0\u00bbSource Sans Pro|600|||||||\u00a0\u00bb text_text_color=\u00a0\u00bb#FFFFFF\u00a0\u00bb text_font_size=\u00a0\u00bb24px\u00a0\u00bb custom_padding=\u00a0\u00bb|30px||30px|false|true\u00a0\u00bb custom_padding_tablet=\u00a0\u00bb|30px||30px|false|true\u00a0\u00bb custom_padding_phone=\u00a0\u00bb|20px||20px|false|true\u00a0\u00bb custom_padding_last_edited=\u00a0\u00bbon|phone\u00a0\u00bb global_colors_info=\u00a0\u00bb{}\u00a0\u00bb]<\/p>\n<p><b>Prenez rendez-vous avec notre service social pour un entretien sans engagement<br \/><\/b><\/p>\n<p>[\/et_pb_text][et_pb_text _builder_version=\u00a0\u00bb4.27.2&Prime; _module_preset=\u00a0\u00bbdefault\u00a0\u00bb text_text_color=\u00a0\u00bb#FFFFFF\u00a0\u00bb text_line_height=\u00a0\u00bb1.8em\u00a0\u00bb link_text_color=\u00a0\u00bb#FFFFFF\u00a0\u00bb header_font=\u00a0\u00bb||||||||\u00a0\u00bb header_3_font=\u00a0\u00bbJost|700|||||||\u00a0\u00bb header_3_text_color=\u00a0\u00bb#000000&Prime; header_3_font_size=\u00a0\u00bb30px\u00a0\u00bb header_3_line_height=\u00a0\u00bb1.2em\u00a0\u00bb header_4_text_align=\u00a0\u00bbcenter\u00a0\u00bb text_orientation=\u00a0\u00bbcenter\u00a0\u00bb custom_margin=\u00a0\u00bb||0px||false|false\u00a0\u00bb custom_padding=\u00a0\u00bb|30px||30px|false|true\u00a0\u00bb custom_padding_tablet=\u00a0\u00bb|30px||30px|false|true\u00a0\u00bb custom_padding_phone=\u00a0\u00bb|20px|25px|20px|false|true\u00a0\u00bb custom_padding_last_edited=\u00a0\u00bbon|phone\u00a0\u00bb hover_enabled=\u00a0\u00bb0&Prime; header_3_font_size_tablet=\u00a0\u00bb20px\u00a0\u00bb header_3_font_size_phone=\u00a0\u00bb16px\u00a0\u00bb header_3_font_size_last_edited=\u00a0\u00bbon|phone\u00a0\u00bb locked=\u00a0\u00bboff\u00a0\u00bb global_colors_info=\u00a0\u00bb{}\u00a0\u00bb sticky_enabled=\u00a0\u00bb0&Prime;]<\/p>\n<p style=\"text-align: left;\">Si vous souhaitez obtenir de plus amples informations ou une visite guid\u00e9e, n\u2019h\u00e9sitez pas \u00e0 contacter notre service social pour un rendez-vous. Le rendez-vous est sans engagement. Vous pouvez joindre le service social du lundi au vendredi de 9h \u00e0 12h30 et de 13h15 \u00e0 16h. <a href=\"tel:02%20373%2064%2003\">T\u00e9l. 02 373 64 03<\/a> (Monia Tuypens) ou <a href=\"tel:02%20373%2065%2063\">T\u00e9l. 02 373 65 63<\/a> (Chiara Polizzi) ou via<br \/>e-mail <span class=\"s1\"><a href=\"mailto:info@nazarethrvt.be\">info@nazarethrvt.be<\/a><a href=\"mailto:info@nazarethrvt.be\"><\/a><\/span><\/p>\n<p class=\"p1\" style=\"text-align: left;\"><span class=\"s1\"><\/span>Afin de pouvoir lib\u00e9rer le temps n\u00e9cessaire pour pouvoir r\u00e9pondre \u00e0 toutes vos questions, Monia et Chiara pr\u00e9f\u00e8rent travailler sur rendez-vous.<\/p>\n<p>[\/et_pb_text][\/et_pb_column][et_pb_column type=\u00a0\u00bb1_2&Prime; _builder_version=\u00a0\u00bb4.16&Prime; _module_preset=\u00a0\u00bbdefault\u00a0\u00bb global_colors_info=\u00a0\u00bb{}\u00a0\u00bb][et_pb_text _builder_version=\u00a0\u00bb4.17.3&Prime; _module_preset=\u00a0\u00bbdefault\u00a0\u00bb text_text_color=\u00a0\u00bb#000000&Prime; text_line_height=\u00a0\u00bb1.8em\u00a0\u00bb header_3_text_color=\u00a0\u00bbgcid-1b478810-f923-4315-9943-e688a7f185d0&Prime; header_3_font_size=\u00a0\u00bb33px\u00a0\u00bb header_3_line_height=\u00a0\u00bb1.1em\u00a0\u00bb custom_margin=\u00a0\u00bb||12px|||\u00a0\u00bb header_3_font_size_tablet=\u00a0\u00bb33px\u00a0\u00bb header_3_font_size_phone=\u00a0\u00bb25px\u00a0\u00bb header_3_font_size_last_edited=\u00a0\u00bbon|phone\u00a0\u00bb locked=\u00a0\u00bboff\u00a0\u00bb global_colors_info=\u00a0\u00bb{%22gcid-1b478810-f923-4315-9943-e688a7f185d0%22:%91%22header_3_text_color%22%93}\u00a0\u00bb]<\/p>\n<h3> Comment nous contacter? <\/h3>\n<p><strong><\/strong>[\/et_pb_text][et_pb_text _builder_version=\u00a0\u00bb4.17.3&Prime; _module_preset=\u00a0\u00bbdefault\u00a0\u00bb text_font=\u00a0\u00bbSource Sans Pro||||||||\u00a0\u00bb text_text_color=\u00a0\u00bb#000000&Prime; text_font_size=\u00a0\u00bb19px\u00a0\u00bb text_line_height=\u00a0\u00bb1.9em\u00a0\u00bb link_text_color=\u00a0\u00bbgcid-93908c42-c4f3-4fb1-bcf4-68ff3d3cb128&Prime; text_font_size_tablet=\u00a0\u00bb17px\u00a0\u00bb text_font_size_phone=\u00a0\u00bb17px\u00a0\u00bb text_font_size_last_edited=\u00a0\u00bbon|phone\u00a0\u00bb locked=\u00a0\u00bboff\u00a0\u00bb global_colors_info=\u00a0\u00bb{%22gcid-93908c42-c4f3-4fb1-bcf4-68ff3d3cb128%22:%91%22link_text_color%22%93}\u00a0\u00bb]<\/p>\n<p><strong>Venez nous rendre visite<\/strong><br \/>Le personnel de l&rsquo;accueil est \u00e0 votre disposition du lundi au vendredi de <strong>8h30 \u00e0 12h15 et de 13h \u00e0 17h.<br \/><\/strong>Ils r\u00e9pondront avec plaisir \u00e0 vos questions.<span class=\"Apple-converted-space\"><\/span><\/p>\n<p><span class=\"s1\"><b>Appelez-nous<br \/><\/b><\/span><strong><a href=\"tel:02%20373%2064%2011\">02 373 64 11 <\/a><\/strong><a href=\"tel:02%20373%2064%2011\"><span style=\"color: #000000;\">&#8211;<\/span><\/a><a href=\"tel:02%20373%2064%2011\">  <\/a>Num\u00e9ro g\u00e9n\u00e9ral (accueil)<br \/><span style=\"font-size: 19px;\">du lundi au vendredi de <\/span><b style=\"font-size: 19px;\">8h30 \u00e0 12h15 et de 13h \u00e0 17h<br \/><\/b><span style=\"color: #000000;\"><b style=\"font-size: 19px;\">02 373 64 03 <\/b>&#8211; <\/span>Service social<b style=\"font-size: 19px;\"><br \/><\/b><span style=\"font-size: 19px;\">du lundi au vendredi <\/span><span style=\"font-size: 19px;\">de <\/span><b style=\"font-size: 19px;\">9h \u00e0 12h30 et de 13h15 \u00e0 16h<\/b><\/p>\n<p class=\"p1\"><span class=\"s1\"><b>Envoyez-nous un e-mail<\/b><\/span> <strong><span class=\"s4\"><a href=\"mailto:info@nazarethrvt.be\">info@nazarethrvt.be<\/a><\/span><\/strong><\/p>\n<p>Sur la page <a href=\"https:\/\/www.nazarethrvt.be\/fr\/notre-equipe\/\">\u2018<span style=\"text-decoration: underline;\">Notre \u00e9quipe<\/span>\u2019,<\/a> vous trouverez \u00e9galement une liste de contacts par d\u00e9partement.<\/p>\n<p>[\/et_pb_text][\/et_pb_column][\/et_pb_row][\/et_pb_section][et_pb_section fb_built=\u00a0\u00bb1&Prime; custom_padding_last_edited=\u00a0\u00bbon|phone\u00a0\u00bb _builder_version=\u00a0\u00bb4.17.3&Prime; _module_preset=\u00a0\u00bbdefault\u00a0\u00bb background_color=\u00a0\u00bb#e8f1e0&Prime; custom_padding=\u00a0\u00bb33px|||||\u00a0\u00bb custom_padding_tablet=\u00a0\u00bb33px|||||\u00a0\u00bb custom_padding_phone=\u00a0\u00bb20px||||false|false\u00a0\u00bb global_colors_info=\u00a0\u00bb{}\u00a0\u00bb][et_pb_row column_structure=\u00a0\u00bb1_2,1_2&Prime; _builder_version=\u00a0\u00bb4.17.3&Prime; _module_preset=\u00a0\u00bbdefault\u00a0\u00bb global_colors_info=\u00a0\u00bb{}\u00a0\u00bb][et_pb_column type=\u00a0\u00bb1_2&Prime; _builder_version=\u00a0\u00bb4.17.3&Prime; _module_preset=\u00a0\u00bbdefault\u00a0\u00bb global_colors_info=\u00a0\u00bb{}\u00a0\u00bb][et_pb_text _builder_version=\u00a0\u00bb4.17.3&Prime; _module_preset=\u00a0\u00bbdefault\u00a0\u00bb text_text_color=\u00a0\u00bb#000000&Prime; text_line_height=\u00a0\u00bb1.8em\u00a0\u00bb header_3_text_color=\u00a0\u00bbgcid-1b478810-f923-4315-9943-e688a7f185d0&Prime; header_3_font_size=\u00a0\u00bb33px\u00a0\u00bb header_3_line_height=\u00a0\u00bb1.1em\u00a0\u00bb header_3_font_size_tablet=\u00a0\u00bb33px\u00a0\u00bb header_3_font_size_phone=\u00a0\u00bb25px\u00a0\u00bb header_3_font_size_last_edited=\u00a0\u00bbon|phone\u00a0\u00bb global_colors_info=\u00a0\u00bb{%22gcid-1b478810-f923-4315-9943-e688a7f185d0%22:%91%22header_3_text_color%22%93}\u00a0\u00bb]<\/p>\n<h3>Acc\u00e8s et transports<\/h3>\n<p><strong><\/strong><\/p>\n<p><strong>En transports en commun<\/strong><\/p>\n<p><strong>Bus De Lijn<br \/><\/strong>&#8211; bus 136 (Alsemberg-Grand-Bigard) &#8211; arr\u00eat Avenue Defr\u00e9<\/p>\n<p><strong>Bus TEC<br \/><\/strong>&#8211; bus 365a (Bruxelles-Jumet Madeleine) &#8211; arr\u00eat Avenue Defr\u00e9<br \/>&#8211; bus W (Bruxelles-Waterloo-Braine l&rsquo;Alleud) &#8211; arr\u00eat Avenue Defr\u00e9<\/p>\n<p><strong>Bus\/Tram STIB<br \/><\/strong>&#8211; bus 41 (Transvaal-H\u00e9ros) &#8211; arr\u00eat H\u00f4pital Sainte-Elisabeth<br \/>&#8211; bus 38 (Gare centrale-H\u00e9ros) &#8211; arr\u00eat Ren\u00e9 Gobert<br \/>&#8211; tram 7 (Heysel-Vanderkindere) &#8211; arr\u00eat Longchamp<\/p>\n<p><strong>En train<br \/><\/strong>&#8211; Gare Vivier d&rsquo;Oie: 17 <span>minutes \u00e0 pied ou en bus (Bus De Lijn 136 ou bus TEC 365a ou W)<\/span><\/p>\n<p class=\"p1\"><b>\u00c0 v\u00e9lo<\/b><span class=\"s2\"><br \/>&#8211; <\/span>Emplacements Villo ! \u00e0 200 m\u00e8tres (+\/- 2 min. de marche)<\/p>\n<p class=\"p2\">\n<p>[\/et_pb_text][et_pb_text _builder_version=\u00a0\u00bb4.17.3&Prime; _module_preset=\u00a0\u00bbdefault\u00a0\u00bb text_text_color=\u00a0\u00bb#000000&Prime; text_line_height=\u00a0\u00bb1.8em\u00a0\u00bb header_3_text_color=\u00a0\u00bbgcid-1b478810-f923-4315-9943-e688a7f185d0&Prime; header_3_font_size=\u00a0\u00bb33px\u00a0\u00bb header_3_line_height=\u00a0\u00bb1.1em\u00a0\u00bb header_3_font_size_tablet=\u00a0\u00bb33px\u00a0\u00bb header_3_font_size_phone=\u00a0\u00bb25px\u00a0\u00bb header_3_font_size_last_edited=\u00a0\u00bbon|phone\u00a0\u00bb global_colors_info=\u00a0\u00bb{%22gcid-1b478810-f923-4315-9943-e688a7f185d0%22:%91%22header_3_text_color%22%93}\u00a0\u00bb]<\/p>\n<p><strong><span style=\"font-size: 17px;\"><b>En voiture<\/b><br \/>O\u00f9 se garer?<\/span><\/strong><\/p>\n<p>&#8211; Sur notre parking priv\u00e9 r\u00e9serv\u00e9 aux visiteurs et au personnel<br \/>&#8211; Dans les rues avoisinantes<\/p>\n<p>[\/et_pb_text][\/et_pb_column][et_pb_column type=\u00a0\u00bb1_2&Prime; _builder_version=\u00a0\u00bb4.17.3&Prime; _module_preset=\u00a0\u00bbdefault\u00a0\u00bb custom_padding=\u00a0\u00bb||||false|false\u00a0\u00bb custom_padding_last_edited=\u00a0\u00bboff|desktop\u00a0\u00bb global_colors_info=\u00a0\u00bb{}\u00a0\u00bb][dsm_embed_google_map address=\u00a0\u00bbChauss\u00e9e de Waterloo 961&Prime; zoom=\u00a0\u00bb13&Prime; _builder_version=\u00a0\u00bb4.17.3&Prime; _module_preset=\u00a0\u00bbdefault\u00a0\u00bb global_colors_info=\u00a0\u00bb{}\u00a0\u00bb][\/dsm_embed_google_map][et_pb_text _builder_version=\u00a0\u00bb4.17.3&Prime; _module_preset=\u00a0\u00bbdefault\u00a0\u00bb text_text_color=\u00a0\u00bb#000000&Prime; text_line_height=\u00a0\u00bb1.8em\u00a0\u00bb header_3_text_color=\u00a0\u00bbgcid-1b478810-f923-4315-9943-e688a7f185d0&Prime; header_3_font_size=\u00a0\u00bb33px\u00a0\u00bb header_3_line_height=\u00a0\u00bb1.1em\u00a0\u00bb header_3_font_size_tablet=\u00a0\u00bb33px\u00a0\u00bb header_3_font_size_phone=\u00a0\u00bb25px\u00a0\u00bb header_3_font_size_last_edited=\u00a0\u00bbon|phone\u00a0\u00bb global_colors_info=\u00a0\u00bb{%22gcid-1b478810-f923-4315-9943-e688a7f185d0%22:%91%22header_3_text_color%22%93}\u00a0\u00bb]<\/p>\n<h3>\u00c0 proximit\u00e9 imm\u00e9diate<\/h3>\n<p><strong><\/strong><\/p>\n<p>&#8211; Du Bois de la Cambre<br \/>\n&#8211; Des commerces et des \u00e9tablissements Horeca<br \/>\n&#8211; Des Cliniques de l&rsquo;Europe, site Ste-Elisabeth<br \/>\n&#8211; Des transports en commun<strong><\/strong>[\/et_pb_text][\/et_pb_column][\/et_pb_row][\/et_pb_section]<\/p>\n","protected":false},"excerpt":{"rendered":"<p>Nazareth &amp; LoretoContact et acc\u00e8sinfo@nazarethrvt.be02 373 64 11MRS Nazareth et RS LoretoChauss\u00e9e de Waterloo 9611180 UcclePrenez rendez-vous avec notre service social pour un entretien sans engagementSi vous souhaitez obtenir de plus amples informations ou une visite guid\u00e9e, n\u2019h\u00e9sitez pas \u00e0 contacter notre service social pour un rendez-vous. Le rendez-vous est sans engagement. Vous pouvez joindre [&hellip;]<\/p>\n","protected":false},"author":1,"featured_media":0,"parent":0,"menu_order":0,"comment_status":"closed","ping_status":"closed","template":"","meta":{"_et_pb_use_builder":"on","_et_pb_old_content":"","_et_gb_content_width":"","footnotes":""},"class_list":["post-259573","page","type-page","status-publish","hentry"],"yoast_head":"<!-- This site is optimized with the Yoast SEO plugin v27.5 - https:\/\/yoast.com\/product\/yoast-seo-wordpress\/ -->\n<title>Contact et acc\u00e8s - RVT Nazareth en SR Loreto<\/title>\n<meta name=\"robots\" content=\"index, follow, max-snippet:-1, max-image-preview:large, max-video-preview:-1\" \/>\n<link rel=\"canonical\" href=\"https:\/\/www.nazarethrvt.be\/fr\/contact-et-acces\/\" \/>\n<meta property=\"og:locale\" content=\"fr_FR\" \/>\n<meta property=\"og:type\" content=\"article\" \/>\n<meta property=\"og:title\" content=\"Contact et acc\u00e8s - RVT Nazareth en SR Loreto\" \/>\n<meta property=\"og:description\" content=\"Nazareth &amp; LoretoContact et acc\u00e8sinfo@nazarethrvt.be02 373 64 11MRS Nazareth et RS LoretoChauss\u00e9e de Waterloo 9611180 UcclePrenez rendez-vous avec notre service social pour un entretien sans engagementSi vous souhaitez obtenir de plus amples informations ou une visite guid\u00e9e, n\u2019h\u00e9sitez pas \u00e0 contacter notre service social pour un rendez-vous. Le rendez-vous est sans engagement. Vous pouvez joindre [&hellip;]\" \/>\n<meta property=\"og:url\" content=\"https:\/\/www.nazarethrvt.be\/fr\/contact-et-acces\/\" \/>\n<meta property=\"og:site_name\" content=\"RVT Nazareth en SR Loreto\" \/>\n<meta property=\"article:modified_time\" content=\"2025-03-28T13:26:04+00:00\" \/>\n<meta name=\"twitter:card\" content=\"summary_large_image\" \/>\n<meta name=\"twitter:label1\" content=\"Dur\u00e9e de lecture estim\u00e9e\" \/>\n\t<meta name=\"twitter:data1\" content=\"9 minutes\" \/>\n<script type=\"application\/ld+json\" class=\"yoast-schema-graph\">{\"@context\":\"https:\\\/\\\/schema.org\",\"@graph\":[{\"@type\":\"WebPage\",\"@id\":\"https:\\\/\\\/www.nazarethrvt.be\\\/fr\\\/contact-et-acces\\\/\",\"url\":\"https:\\\/\\\/www.nazarethrvt.be\\\/fr\\\/contact-et-acces\\\/\",\"name\":\"Contact et acc\u00e8s - RVT Nazareth en SR Loreto\",\"isPartOf\":{\"@id\":\"https:\\\/\\\/stage1.studiommooy.com\\\/#website\"},\"datePublished\":\"2022-04-22T16:10:06+00:00\",\"dateModified\":\"2025-03-28T13:26:04+00:00\",\"breadcrumb\":{\"@id\":\"https:\\\/\\\/www.nazarethrvt.be\\\/fr\\\/contact-et-acces\\\/#breadcrumb\"},\"inLanguage\":\"fr-FR\",\"potentialAction\":[{\"@type\":\"ReadAction\",\"target\":[\"https:\\\/\\\/www.nazarethrvt.be\\\/fr\\\/contact-et-acces\\\/\"]}]},{\"@type\":\"BreadcrumbList\",\"@id\":\"https:\\\/\\\/www.nazarethrvt.be\\\/fr\\\/contact-et-acces\\\/#breadcrumb\",\"itemListElement\":[{\"@type\":\"ListItem\",\"position\":1,\"name\":\"Home\",\"item\":\"https:\\\/\\\/www.nazarethrvt.be\\\/fr\\\/page-daccueil\\\/\"},{\"@type\":\"ListItem\",\"position\":2,\"name\":\"Contact et acc\u00e8s\"}]},{\"@type\":\"WebSite\",\"@id\":\"https:\\\/\\\/stage1.studiommooy.com\\\/#website\",\"url\":\"https:\\\/\\\/stage1.studiommooy.com\\\/\",\"name\":\"RVT Nazareth en SR Loreto\",\"description\":\"Een warme thuis\",\"publisher\":{\"@id\":\"https:\\\/\\\/stage1.studiommooy.com\\\/#organization\"},\"potentialAction\":[{\"@type\":\"SearchAction\",\"target\":{\"@type\":\"EntryPoint\",\"urlTemplate\":\"https:\\\/\\\/stage1.studiommooy.com\\\/?s={search_term_string}\"},\"query-input\":{\"@type\":\"PropertyValueSpecification\",\"valueRequired\":true,\"valueName\":\"search_term_string\"}}],\"inLanguage\":\"fr-FR\"},{\"@type\":\"Organization\",\"@id\":\"https:\\\/\\\/stage1.studiommooy.com\\\/#organization\",\"name\":\"RVT Nazareth en SR Loreto\",\"url\":\"https:\\\/\\\/stage1.studiommooy.com\\\/\",\"logo\":{\"@type\":\"ImageObject\",\"inLanguage\":\"fr-FR\",\"@id\":\"https:\\\/\\\/stage1.studiommooy.com\\\/#\\\/schema\\\/logo\\\/image\\\/\",\"url\":\"https:\\\/\\\/www.nazarethrvt.be\\\/wp-content\\\/uploads\\\/2023\\\/01\\\/RVT-Nazareth-en-SR-Loreto.png\",\"contentUrl\":\"https:\\\/\\\/www.nazarethrvt.be\\\/wp-content\\\/uploads\\\/2023\\\/01\\\/RVT-Nazareth-en-SR-Loreto.png\",\"width\":500,\"height\":300,\"caption\":\"RVT Nazareth en SR Loreto\"},\"image\":{\"@id\":\"https:\\\/\\\/stage1.studiommooy.com\\\/#\\\/schema\\\/logo\\\/image\\\/\"}}]}<\/script>\n<!-- \/ Yoast SEO plugin. -->","yoast_head_json":{"title":"Contact et acc\u00e8s - RVT Nazareth en SR Loreto","robots":{"index":"index","follow":"follow","max-snippet":"max-snippet:-1","max-image-preview":"max-image-preview:large","max-video-preview":"max-video-preview:-1"},"canonical":"https:\/\/www.nazarethrvt.be\/fr\/contact-et-acces\/","og_locale":"fr_FR","og_type":"article","og_title":"Contact et acc\u00e8s - RVT Nazareth en SR Loreto","og_description":"Nazareth &amp; LoretoContact et acc\u00e8sinfo@nazarethrvt.be02 373 64 11MRS Nazareth et RS LoretoChauss\u00e9e de Waterloo 9611180 UcclePrenez rendez-vous avec notre service social pour un entretien sans engagementSi vous souhaitez obtenir de plus amples informations ou une visite guid\u00e9e, n\u2019h\u00e9sitez pas \u00e0 contacter notre service social pour un rendez-vous. Le rendez-vous est sans engagement. Vous pouvez joindre [&hellip;]","og_url":"https:\/\/www.nazarethrvt.be\/fr\/contact-et-acces\/","og_site_name":"RVT Nazareth en SR Loreto","article_modified_time":"2025-03-28T13:26:04+00:00","twitter_card":"summary_large_image","twitter_misc":{"Dur\u00e9e de lecture estim\u00e9e":"9 minutes"},"schema":{"@context":"https:\/\/schema.org","@graph":[{"@type":"WebPage","@id":"https:\/\/www.nazarethrvt.be\/fr\/contact-et-acces\/","url":"https:\/\/www.nazarethrvt.be\/fr\/contact-et-acces\/","name":"Contact et acc\u00e8s - RVT Nazareth en SR Loreto","isPartOf":{"@id":"https:\/\/stage1.studiommooy.com\/#website"},"datePublished":"2022-04-22T16:10:06+00:00","dateModified":"2025-03-28T13:26:04+00:00","breadcrumb":{"@id":"https:\/\/www.nazarethrvt.be\/fr\/contact-et-acces\/#breadcrumb"},"inLanguage":"fr-FR","potentialAction":[{"@type":"ReadAction","target":["https:\/\/www.nazarethrvt.be\/fr\/contact-et-acces\/"]}]},{"@type":"BreadcrumbList","@id":"https:\/\/www.nazarethrvt.be\/fr\/contact-et-acces\/#breadcrumb","itemListElement":[{"@type":"ListItem","position":1,"name":"Home","item":"https:\/\/www.nazarethrvt.be\/fr\/page-daccueil\/"},{"@type":"ListItem","position":2,"name":"Contact et acc\u00e8s"}]},{"@type":"WebSite","@id":"https:\/\/stage1.studiommooy.com\/#website","url":"https:\/\/stage1.studiommooy.com\/","name":"RVT Nazareth en SR Loreto","description":"Een warme thuis","publisher":{"@id":"https:\/\/stage1.studiommooy.com\/#organization"},"potentialAction":[{"@type":"SearchAction","target":{"@type":"EntryPoint","urlTemplate":"https:\/\/stage1.studiommooy.com\/?s={search_term_string}"},"query-input":{"@type":"PropertyValueSpecification","valueRequired":true,"valueName":"search_term_string"}}],"inLanguage":"fr-FR"},{"@type":"Organization","@id":"https:\/\/stage1.studiommooy.com\/#organization","name":"RVT Nazareth en SR Loreto","url":"https:\/\/stage1.studiommooy.com\/","logo":{"@type":"ImageObject","inLanguage":"fr-FR","@id":"https:\/\/stage1.studiommooy.com\/#\/schema\/logo\/image\/","url":"https:\/\/www.nazarethrvt.be\/wp-content\/uploads\/2023\/01\/RVT-Nazareth-en-SR-Loreto.png","contentUrl":"https:\/\/www.nazarethrvt.be\/wp-content\/uploads\/2023\/01\/RVT-Nazareth-en-SR-Loreto.png","width":500,"height":300,"caption":"RVT Nazareth en SR Loreto"},"image":{"@id":"https:\/\/stage1.studiommooy.com\/#\/schema\/logo\/image\/"}}]}},"_links":{"self":[{"href":"https:\/\/www.nazarethrvt.be\/fr\/wp-json\/wp\/v2\/pages\/259573","targetHints":{"allow":["GET"]}}],"collection":[{"href":"https:\/\/www.nazarethrvt.be\/fr\/wp-json\/wp\/v2\/pages"}],"about":[{"href":"https:\/\/www.nazarethrvt.be\/fr\/wp-json\/wp\/v2\/types\/page"}],"author":[{"embeddable":true,"href":"https:\/\/www.nazarethrvt.be\/fr\/wp-json\/wp\/v2\/users\/1"}],"replies":[{"embeddable":true,"href":"https:\/\/www.nazarethrvt.be\/fr\/wp-json\/wp\/v2\/comments?post=259573"}],"version-history":[{"count":44,"href":"https:\/\/www.nazarethrvt.be\/fr\/wp-json\/wp\/v2\/pages\/259573\/revisions"}],"predecessor-version":[{"id":260249,"href":"https:\/\/www.nazarethrvt.be\/fr\/wp-json\/wp\/v2\/pages\/259573\/revisions\/260249"}],"wp:attachment":[{"href":"https:\/\/www.nazarethrvt.be\/fr\/wp-json\/wp\/v2\/media?parent=259573"}],"curies":[{"name":"wp","href":"https:\/\/api.w.org\/{rel}","templated":true}]}}